{"id":4682,"date":"2020-11-19T11:35:42","date_gmt":"2020-11-19T11:35:42","guid":{"rendered":"https:\/\/obacsalut.com\/obac\/pp\/"},"modified":"2020-12-29T16:53:06","modified_gmt":"2020-12-29T16:53:06","slug":"pp","status":"publish","type":"page","link":"https:\/\/obacsalut.com\/es\/pp\/","title":{"rendered":"Pol\u00edtica de privacidad"},"content":{"rendered":"<p>[vc_row][vc_column]<h2 class=\"box-header large align-left\">Pol\u00edtica de privacitat<\/h2>[\/vc_column][\/vc_row][vc_row][vc_column width=\u00bb1\/6&#8243;][vc_column_text]<strong>Responsable:<\/strong>[\/vc_column_text][\/vc_column][vc_column width=\u00bb5\/6&#8243;][vc_column_text]SILVIA SORIANO FOSAS<br \/>\nDNI 45.642.540-Y<br \/>\n&#105;n&#102;o&#64;o&#x62;a&#x63;s&#x61;l&#x75;t&#x2e;c&#x6f;m<br \/>\nTelf: 935152487<br \/>\nDades del dpd: info&#64;o&#98;&#97;&#99;&#115;&#97;&#108;&#117;&#x74;&#x2e;&#x63;&#x6f;&#x6d;<br \/>\nC\/ Arqu\u00edmedes, num. 86, local 1, 08224, Terrassa<br \/>\n<a href=\"#responsable\"><strong>+info<\/strong><\/a>[\/vc_column_text][\/vc_column][\/vc_row][vc_row][vc_column width=\u00bb1\/6&#8243;][vc_column_text]<strong>Finalitat:<\/strong>[\/vc_column_text][\/vc_column][vc_column width=\u00bb5\/6&#8243;][vc_column_text]1) Formulari p\u00e0gina web: gesti\u00f3 de consultes.<br \/>\n2) Gestionar les consultes rebudes per correu electr\u00f2nic per contactar amb l\u2019usuari.<br \/>\n<a href=\"#finalitat\"><strong>+info<\/strong><\/a>[\/vc_column_text][\/vc_column][\/vc_row][vc_row][vc_column width=\u00bb1\/6&#8243;][vc_column_text]<strong>Legitimaci\u00f3:<\/strong>[\/vc_column_text][\/vc_column][vc_column width=\u00bb5\/6&#8243;][vc_column_text]1) Formulari p\u00e0gina web: consentiment expl\u00edcit de l\u2019interessat.<br \/>\n2) L\u2019usuari que faciliti les seves dades personals a trav\u00e9s del correu electr\u00f2nic de \u201cObac Salut\u201d, estar\u00e0 proporcionant volunt\u00e0riament dades de car\u00e0cter personal.<br \/>\n<a href=\"#legitimacio\"><strong>+info<\/strong><\/a>[\/vc_column_text][\/vc_column][\/vc_row][vc_row][vc_column width=\u00bb1\/6&#8243;][vc_column_text]<strong>Conservaci\u00f3:<\/strong>[\/vc_column_text][\/vc_column][vc_column width=\u00bb5\/6&#8243;][vc_column_text]Durant el per\u00edode d\u2019un any a partir de l\u2019\u00faltima consulta.[\/vc_column_text][\/vc_column][\/vc_row][vc_row][vc_column width=\u00bb1\/6&#8243;][vc_column_text]<strong>Proced\u00e8ncia:<\/strong>[\/vc_column_text][\/vc_column][vc_column width=\u00bb5\/6&#8243;][vc_column_text]1) Contactes formulari p\u00e0gina web: el propi interessat o el seu representant legal.<br \/>\n2) Dades introdu\u00efdes als correus electr\u00f2nics pel propi interessat o el seu representant legal.<br \/>\n<a href=\"#procedencia\"><strong>+info<\/strong><\/a>[\/vc_column_text][\/vc_column][\/vc_row][vc_row][vc_column width=\u00bb1\/6&#8243;][vc_column_text]<strong>Destinataris:<\/strong>[\/vc_column_text][\/vc_column][vc_column width=\u00bb5\/6&#8243;][vc_column_text]No cedim dades a tercers.<br \/>\n<a href=\"#destinataris\"><strong>+info<\/strong><\/a>[\/vc_column_text][\/vc_column][\/vc_row][vc_row][vc_column width=\u00bb1\/6&#8243;][vc_column_text]<strong>Transfer\u00e8ncies<br \/>\ninternacionals:<\/strong>[\/vc_column_text][\/vc_column][vc_column width=\u00bb5\/6&#8243;][vc_column_text]No realitzem transfer\u00e8ncies internacionals amb les seves dades.[\/vc_column_text][\/vc_column][\/vc_row][vc_row][vc_column width=\u00bb1\/6&#8243;][vc_column_text]<strong>Drets:<\/strong>[\/vc_column_text][\/vc_column][vc_column width=\u00bb5\/6&#8243;][vc_column_text]Acc\u00e9s, rectificaci\u00f3, oposici\u00f3, supressi\u00f3, limitaci\u00f3 de tractament i portabilitat de les dades personals, com s\u2019explica al corresponent apartat.<br \/>\n<a href=\"#drets\"><strong>+info<\/strong><\/a>[\/vc_column_text][\/vc_column][\/vc_row][vc_row][vc_column width=\u00bb1\/6&#8243;][vc_column_text]<strong>Informaci\u00f3<br \/>\naddicional:<\/strong>[\/vc_column_text][\/vc_column][vc_column width=\u00bb5\/6&#8243;][vc_column_text]Pot consultar la informaci\u00f3 addicional i detallada sobre Protecci\u00f3 de Dades al desglossament d\u2019apartats que li presentem a continuaci\u00f3 (segona capa informativa)<br \/>\n<a href=\"#informacio\"><strong>+info<\/strong><\/a>[\/vc_column_text][\/vc_column][\/vc_row][vc_row el_id=\u00bbinformacio\u00bb][vc_column][vc_column_text]<strong>Informaci\u00f3 general<\/strong><\/p>\n<p>La present Pol\u00edtica de Privacitat t\u00e9 com a finalitat donar a con\u00e8ixer les condicions que regulen la recollida i tractament de les seves dades personals per part de la nostra entitat per vetllar pels drets fonamentals, el seu honor i llibertats, tot aix\u00f2 en compliment de les normatives vigents que regulen la Protecci\u00f3 de Dades personals.<\/p>\n<p>De conformitat amb aquestes normatives, necessitem disposar de la seva autoritzaci\u00f3 i consentiment per a la recollida i el tractament de les seves dades personals, de manera que a continuaci\u00f3, us expliquem tots els detalls del seu inter\u00e8s respecte a com es realitzen aquests processos, amb quines finalitats, quines altres entitats podrien tenir acc\u00e9s a les seves dades i quins s\u00f3n els seus drets.[\/vc_column_text][\/vc_column][\/vc_row][vc_row el_id=\u00bbresponsable\u00bb][vc_column][vc_column_text]<strong>Responsable. Qui \u00e9s el Responsable del tractament de dades?<\/strong><\/p>\n<p>Li informem que SILVIA SORIANO FOSAS (en endavant \u201cObac Salut\u201d) \u00e9s el titular de la web obacsalut.com, amb DNI 45.642.540-Y i domicili a C\/ Arqu\u00edmedes, num. 86, local 1, 08224, Terrassa. Pot contactar per correu electr\u00f2nic a &#105;&#x6e;&#x66;o&#64;&#x6f;&#x62;a&#99;&#x73;a&#108;&#x75;&#x74;&#46;&#99;&#x6f;m.<br \/>\n[\/vc_column_text][\/vc_column][\/vc_row][vc_row el_id=\u00bbfinalitat\u00bb][vc_column][vc_column_text]<strong>Finalitat. Amb quina finalitat tractarem les seves dades personal?<\/strong><\/p>\n<p>A \u201cObac Salut\u201d tractem la informaci\u00f3 que ens facilita per a gestionar les consultes rebudes. La informaci\u00f3 personal que ens faciliti a trav\u00e9s dels correus electr\u00f2nics o via formularis de la p\u00e0gina web es mantindr\u00e0 confidencial i protegida. En cap cas es destinar\u00e0 o utilitzar\u00e0 per a altres fins, no s\u2019entregar\u00e0 a terceres persones sense el seu consentiment, d\u2019acord amb el que estableix el RGPD 679\/2016 i la L.O. 3\/2018. Per a complir amb les diferents disposicions legals, hem establert diferents nivells de seguretat per a protegir les dades personals que ens faciliti, havent adoptat totes les mesures t\u00e8cniques al nostre abast per evitar la p\u00e8rdua, mal \u00fas, alteraci\u00f3, acc\u00e9s no autoritzat i manipulaci\u00f3 d\u2019aquestes dades personals.[\/vc_column_text][\/vc_column][\/vc_row][vc_row el_id=\u00bblegitimacio\u00bb][vc_column][vc_column_text]<strong>Legitimaci\u00f3. Quina \u00e9s la legitimaci\u00f3 per al tractament de les seves dades?<\/strong><\/p>\n<p>Als formularis de contacte de la web es sol\u00b7licitar\u00e0 el consentiment expl\u00edcit a l\u2019usuari. A m\u00e9s a m\u00e9s, l&#8217;usuari \u00e9s informat que l&#8217;enviament d&#8217;un correu electr\u00f2nic en qu\u00e8 s&#8217;incloguin dades personals implica que la informaci\u00f3 reflectida en aquesta pol\u00edtica de privacitat ha estat llegida i acceptada i que en conseq\u00fc\u00e8ncia, atorga el seu consentiment inequ\u00edvoc i expr\u00e9s a el tractament de les seves dades personals en les finalitats indicades. La informaci\u00f3 que ens faciliti passar\u00e0 a ser introdu\u00efda en un tractament de dades sota la responsabilitat de \u201cObac Salut\u201d i es mantindr\u00e0 confidencial i protegit.[\/vc_column_text][\/vc_column][\/vc_row][vc_row el_id=\u00bbconservacio\u00bb][vc_column][vc_column_text]<strong> Conservaci\u00f3n. Por cu\u00e1nto tiempo conservaremos sus datos? &lt;\/ Strong&gt; Utilizamos sus datos durante el tiempo estrictamente necesario para cumplir las finalidades indicadas anteriormente. Salvo que exista una obligaci\u00f3n o requerimiento legal, los plazos de conservaci\u00f3n previstos son: durante el periodo de un a\u00f1o a partir de la \u00faltima consulta.[\/vc_column_text][\/vc_column][\/vc_row][vc_row el_id=\u00bbprocedencia\u00bb][vc_column][vc_column_text]<strong>Proced\u00e8ncia. Com hem obtingut les seves dades?<\/strong><\/strong><\/p>\n<p>Formulari p\u00e0gina web: el propi interessat o el seu representant legal. Dades identificatives: nom i cognoms, correu electr\u00f2nic i tel\u00e8fon.<\/p>\n<p>Correu electr\u00f2nic: el propi interessat o el seu representant legal.<\/p>\n<p>Visitar la web de \u201cObac Salut\u201d no suposa que l\u2019usuari estigui obligat a facilitar cap informaci\u00f3 sobre si mateix.<\/p>\n<p>\u201cObac Salut\u201d prohibeix expressament que els menors de divuit anys facilitin dades personals sense el consentiment previ dels seus pares o tutors. En cas de ser menor de divuit anys i no tenir aquest consentiment, no faciliti dades personals a \u201cObac Salut\u201d ni utilitzi els nostres serveis.[\/vc_column_text][\/vc_column][\/vc_row][vc_row el_id=\u00bbdestinataris\u00bb][vc_column][vc_column_text]<strong>Destinataris. A quins destinataris es comunicaran les dades?<\/strong><\/p>\n<p>Aquestes dades seran tractades per \u201cObac Salut\u201d, no cedirem dades a tercers.[\/vc_column_text][\/vc_column][\/vc_row][vc_row el_id=\u00bbseguretat\u00bb][vc_column][vc_column_text]<strong>Mesures de seguretat<\/strong><\/p>\n<p>La nostra entitat adopta les mesures organitzatives i t\u00e8cniques necess\u00e0ries per garantir la seguretat i la privacitat de les seves dades, evitar la seva alteraci\u00f3, p\u00e8rdua, tractament o acc\u00e9s no autoritzat, depenent de l&#8217;estat de la tecnologia, la naturalesa de les dades emmagatzemades i els riscos a qu\u00e8 estan exposades.<\/p>\n<p>Entre d&#8217;altres, destaquen les seg\u00fcents mesures:<\/p>\n<ul>\n<li>Garantir la confidencialitat, integritat, disponibilitat i resili\u00e8ncia permanents dels sistemes i serveis de tractament.<\/li>\n<li>Restaurar la disponibilitat i l&#8217;acc\u00e9s a les dades personals de forma r\u00e0pida, en cas d&#8217;incident f\u00edsic o t\u00e8cnic.<\/li>\n<li>Verificar, avaluar i valorar, de manera regular, l&#8217;efic\u00e0cia de les mesures t\u00e8cniques i organitzatives implementades per garantir la seguretat del tractament.<\/li>\n<li>Seudonimizar i xifrar les dades personals, en cas que es tracti de dades sensibles.<\/li>\n<\/ul>\n<p>[\/vc_column_text][\/vc_column][\/vc_row][vc_row el_id=\u00bbdrets\u00bb][vc_column][vc_column_text]<strong>Drets. Quins s\u00f3n els seus drets quan ens facilita dades?<\/strong><\/p>\n<p>La normativa vigent de protecci\u00f3 de dades l&#8217;empara en una s\u00e8rie de drets en relaci\u00f3 amb l&#8217;\u00fas que li donem a les seves dades personals. Tots i cadascun dels seus drets s\u00f3n unipersonals i intransferibles, \u00e9s a dir, que \u00fanicament poden ser realitzats pel titular de les dades, pr\u00e8via comprovaci\u00f3 de la seva identitat.<\/p>\n<p>A continuaci\u00f3, us expliquem quins s\u00f3n els drets que l&#8217;assisteixen:<\/p>\n<ul>\n<li>Sol\u00b7licitar el ACC\u00c9S a les seves dades personals<\/li>\n<li>Sol\u00b7licitar la RECTIFICACI\u00d3 de les seves dades<\/li>\n<li>Sol\u00b7licitar la SUPRESSI\u00d3 o eliminaci\u00f3 de les seves dades (dret a l &#8216; \u00aboblit\u00bb)<\/li>\n<li>LIMITAR o OPOSAR a l&#8217;\u00fas que li donem a les seves dades<\/li>\n<li>Dret a la PORTABILITAT de les seves dades per a casos de serveis de telecomunicacions o internet.<\/li>\n<li>Dret a RETIRAR el seu consentiment en qualsevol moment<\/li>\n<li>Dret a presentar una RECLAMACI\u00d3 en mat\u00e8ria de protecci\u00f3 de dades davant l&#8217;Autoritat de Control: Ag\u00e8ncia Espanyola de Protecci\u00f3 de Dades<\/li>\n<\/ul>\n<p>Per a l&#8217;exercici dels seus drets d&#8217;acc\u00e9s, rectificaci\u00f3, supressi\u00f3, limitaci\u00f3 o oposici\u00f3, portabilitat i retirada del seu consentiment, pot fer-ho de la seg\u00fcent manera:<\/p>\n<p>Presencialment o per correu electr\u00f2nic a:<\/p>\n<p>SILVIA SORIANO FOSAS<br \/>\nDNI 45.642.540-Y<br \/>\nC\/ Arqu\u00edmedes, num. 86, local 1, 08224, Terrassa<br \/>\n<a href=\"&#x6d;&#x61;&#105;&#108;t&#x6f;&#x3a;&#x69;&#110;fo&#x40;&#x6f;&#98;&#97;c&#x73;&#x61;&#x6c;&#117;t&#46;&#x63;&#x6f;&#109;\">&#105;n&#x66;o&#x40;o&#x62;a&#x63;&#115;&#x61;&#108;&#x75;&#116;&#x2e;&#99;o&#109;<\/a><\/p>\n<p>A m\u00e9s dels drets que l&#8217;assisteixen, si creu que les seves dades no s&#8217;estan recaptant o tractant d&#8217;acord amb la normativa vigent de Protecci\u00f3 de Dades, vost\u00e8 podr\u00e0 realitzar una reclamaci\u00f3 davant l&#8217;Autoritat de Control, les dades de contacte indiquem a continuaci\u00f3:<\/p>\n<p>Ag\u00e8ncia Espanyola de Protecci\u00f3 de Dades<br \/>\nC \/ Jorge Juan, 6. 28001, Madrid.<br \/>\nE-mail: <a href=\"&#x6d;&#x61;&#x69;&#108;&#116;o:&#x69;&#x6e;&#x66;&#111;&#64;ag&#x70;&#x64;&#x2e;&#101;&#115;\">&#105;&#x6e;f&#111;&#x40;a&#103;&#x70;d&#46;&#x65;s<\/a><br \/>\nTel\u00e8fon: 912663517<br \/>\nWeb: <a href=\"https:\/\/www.agpd.es\">https:\/\/www.agpd.es<\/a>[\/vc_column_text][\/vc_column][\/vc_row][vc_row el_id=\u00bbconsentiment\u00bb][vc_column][vc_column_text]<strong>Consentiment i acceptaci\u00f3<\/strong><\/p>\n<p>L&#8217;acceptaci\u00f3 del present document indica que vost\u00e8 ent\u00e9n i accepta totes les cl\u00e0usules de la nostra pol\u00edtica de privacitat per la qual cosa autoritza la recollida i el tractament de les seves dades personals en aquests termes. L\u2019usuari que faciliti les seves dades personals a trav\u00e9s del correu electr\u00f2nic de \u201cObac Salut\u201d, estar\u00e0 proporcionant volunt\u00e0riament dades de car\u00e0cter personal. Als formularis de contacte aquesta acceptaci\u00f3 es realitza mitjan\u00e7ant l\u2019activaci\u00f3 de la casella de verificaci\u00f3 de la nostra Pol\u00edtica de Privacitat.[\/vc_column_text][\/vc_column][\/vc_row][vc_row][vc_column][vc_column_text]<strong>Utilitzaci\u00f3 d&#8217;imatges de tercers<\/strong><\/p>\n<p><a href=\"https:\/\/www.freepik.es\/fotos\/personas\" class=\"broken_link\">Foto de Personas creado por shurkin_son &#8211; www.freepik.es<\/a><br \/>\n<a href=\"https:\/\/www.freepik.es\/fotos\/comida\" class=\"broken_link\">Foto de Comida creado por evening_tao &#8211; www.freepik.es<\/a><br \/>\n<a href=\"https:\/\/www.freepik.es\/fotos\/mano\" class=\"broken_link\">Foto de Mano creado por jannoon028 &#8211; www.freepik.es<\/a><br \/>\n<a href=\"https:\/\/www.freepik.es\/fotos\/personas\" class=\"broken_link\">Foto de Personas creado por jcomp &#8211; www.freepik.es<\/a>[\/vc_column_text][\/vc_column][\/vc_row]<\/p>\n","protected":false},"excerpt":{"rendered":"<p>[vc_row][vc_column][\/vc_column][\/vc_row][vc_row][vc_column width=\u00bb1\/6&#8243;][vc_column_text]Responsable:[\/vc_column_text][\/vc_column][vc_column width=\u00bb5\/6&#8243;][vc_column_text]SILVIA SORIANO FOSAS DNI 45.642.540-Y &#x69;&#x6e;&#x66;&#x6f;&#x40;&#x6f;&#x62;&#x61;&#x63;&#x73;&#x61;&#x6c;&#x75;&#x74;&#x2e;&#x63;&#x6f;&#x6d; Telf: 935152487 Dades del dpd: &#105;&#x6e;f&#111;&#x40;o&#98;&#x61;c&#x73;&#x61;&#108;&#x75;t&#46;&#x63;o&#109; C\/ Arqu\u00edmedes, num. 86, local 1, 08224, Terrassa +info[\/vc_column_text][\/vc_column][\/vc_row][vc_row][vc_column width=\u00bb1\/6&#8243;][vc_column_text]Finalitat:[\/vc_column_text][\/vc_column][vc_column width=\u00bb5\/6&#8243;][vc_column_text]1) Formulari p\u00e0gina web: gesti\u00f3 de consultes. 2) Gestionar les consultes rebudes per correu electr\u00f2nic per contactar amb l\u2019usuari. +info[\/vc_column_text][\/vc_column][\/vc_row][vc_row][vc_column width=\u00bb1\/6&#8243;][vc_column_text]Legitimaci\u00f3:[\/vc_column_text][\/vc_column][vc_column width=\u00bb5\/6&#8243;][vc_column_text]1) Formulari p\u00e0gina web: consentiment expl\u00edcit de l\u2019interessat. 2) L\u2019usuari<\/p>\n","protected":false},"author":1,"featured_media":0,"parent":0,"menu_order":22,"comment_status":"closed","ping_status":"closed","template":"","meta":{"_uag_custom_page_level_css":"","_uf_show_specific_survey":0,"_uf_disable_surveys":false,"footnotes":""},"yoast_head":"<!-- This site is optimized with the Yoast SEO plugin v22.2 - https:\/\/yoast.com\/wordpress\/plugins\/seo\/ -->\n<title>Pol\u00edtica de privacidad - Obac Salut - Fisioter\u00e0pia i Osteopatia a Terrassa<\/title>\n<meta name=\"robots\" content=\"index, follow, max-snippet:-1, max-image-preview:large, max-video-preview:-1\" \/>\n<link rel=\"canonical\" href=\"https:\/\/obacsalut.com\/es\/pp\/\" \/>\n<meta property=\"og:locale\" content=\"es_ES\" \/>\n<meta property=\"og:type\" content=\"article\" \/>\n<meta property=\"og:title\" content=\"Pol\u00edtica de privacidad - Obac Salut - Fisioter\u00e0pia i Osteopatia a Terrassa\" \/>\n<meta property=\"og:description\" content=\"[vc_row][vc_column][\/vc_column][\/vc_row][vc_row][vc_column width=\u00bb1\/6&#8243;][vc_column_text]Responsable:[\/vc_column_text][\/vc_column][vc_column width=\u00bb5\/6&#8243;][vc_column_text]SILVIA SORIANO FOSAS DNI 45.642.540-Y &#105;&#x6e;f&#111;&#x40;o&#098;&#x61;c&#115;&#x61;l&#117;&#x74;&#046;&#099;&#x6f;m Telf: 935152487 Dades del dpd: &#x69;&#x6e;&#x66;&#x6f;&#x40;&#x6f;&#098;&#097;&#099;&#115;alut&#x2e;&#x63;&#x6f;&#x6d; C\/ Arqu\u00edmedes, num. 86, local 1, 08224, Terrassa +info[\/vc_column_text][\/vc_column][\/vc_row][vc_row][vc_column width=\u00bb1\/6&#8243;][vc_column_text]Finalitat:[\/vc_column_text][\/vc_column][vc_column width=\u00bb5\/6&#8243;][vc_column_text]1) Formulari p\u00e0gina web: gesti\u00f3 de consultes. 2) Gestionar les consultes rebudes per correu electr\u00f2nic per contactar amb l\u2019usuari. +info[\/vc_column_text][\/vc_column][\/vc_row][vc_row][vc_column width=\u00bb1\/6&#8243;][vc_column_text]Legitimaci\u00f3:[\/vc_column_text][\/vc_column][vc_column width=\u00bb5\/6&#8243;][vc_column_text]1) Formulari p\u00e0gina web: consentiment expl\u00edcit de l\u2019interessat. 2) L\u2019usuari\" \/>\n<meta property=\"og:url\" content=\"https:\/\/obacsalut.com\/es\/pp\/\" \/>\n<meta property=\"og:site_name\" content=\"Obac Salut - Fisioter\u00e0pia i Osteopatia a Terrassa\" \/>\n<meta property=\"article:modified_time\" content=\"2020-12-29T16:53:06+00:00\" \/>\n<meta name=\"twitter:card\" content=\"summary_large_image\" \/>\n<meta name=\"twitter:label1\" content=\"Tiempo de lectura\" \/>\n\t<meta name=\"twitter:data1\" content=\"9 minutos\" \/>\n<script type=\"application\/ld+json\" class=\"yoast-schema-graph\">{\"@context\":\"https:\/\/schema.org\",\"@graph\":[{\"@type\":\"WebPage\",\"@id\":\"https:\/\/obacsalut.com\/es\/pp\/\",\"url\":\"https:\/\/obacsalut.com\/es\/pp\/\",\"name\":\"Pol\u00edtica de privacidad - Obac Salut - Fisioter\u00e0pia i Osteopatia a Terrassa\",\"isPartOf\":{\"@id\":\"https:\/\/obacsalut.com\/#website\"},\"datePublished\":\"2020-11-19T11:35:42+00:00\",\"dateModified\":\"2020-12-29T16:53:06+00:00\",\"breadcrumb\":{\"@id\":\"https:\/\/obacsalut.com\/es\/pp\/#breadcrumb\"},\"inLanguage\":\"es\",\"potentialAction\":[{\"@type\":\"ReadAction\",\"target\":[\"https:\/\/obacsalut.com\/es\/pp\/\"]}]},{\"@type\":\"BreadcrumbList\",\"@id\":\"https:\/\/obacsalut.com\/es\/pp\/#breadcrumb\",\"itemListElement\":[{\"@type\":\"ListItem\",\"position\":1,\"name\":\"Portada\",\"item\":\"https:\/\/obacsalut.com\/es\/\"},{\"@type\":\"ListItem\",\"position\":2,\"name\":\"Pol\u00edtica de privacidad\"}]},{\"@type\":\"WebSite\",\"@id\":\"https:\/\/obacsalut.com\/#website\",\"url\":\"https:\/\/obacsalut.com\/\",\"name\":\"Obac Salut - Fisioter\u00e0pia i Osteopatia a Terrassa\",\"description\":\"Fisioter\u00e0pia i Osteopatia a Terrassa\",\"potentialAction\":[{\"@type\":\"SearchAction\",\"target\":{\"@type\":\"EntryPoint\",\"urlTemplate\":\"https:\/\/obacsalut.com\/?s={search_term_string}\"},\"query-input\":\"required name=search_term_string\"}],\"inLanguage\":\"es\"}]}<\/script>\n<!-- \/ Yoast SEO plugin. -->","yoast_head_json":{"title":"Pol\u00edtica de privacidad - Obac Salut - Fisioter\u00e0pia i Osteopatia a Terrassa","robots":{"index":"index","follow":"follow","max-snippet":"max-snippet:-1","max-image-preview":"max-image-preview:large","max-video-preview":"max-video-preview:-1"},"canonical":"https:\/\/obacsalut.com\/es\/pp\/","og_locale":"es_ES","og_type":"article","og_title":"Pol\u00edtica de privacidad - Obac Salut - Fisioter\u00e0pia i Osteopatia a Terrassa","og_description":"[vc_row][vc_column][\/vc_column][\/vc_row][vc_row][vc_column width=\u00bb1\/6&#8243;][vc_column_text]Responsable:[\/vc_column_text][\/vc_column][vc_column width=\u00bb5\/6&#8243;][vc_column_text]SILVIA SORIANO FOSAS DNI 45.642.540-Y &#105;&#x6e;f&#111;&#x40;o&#98;&#x61;c&#115;&#x61;l&#117;&#x74;&#46;&#99;&#x6f;m Telf: 935152487 Dades del dpd: &#x69;&#x6e;&#x66;&#x6f;&#x40;&#x6f;&#98;&#97;&#99;&#115;alut&#x2e;&#x63;&#x6f;&#x6d; C\/ Arqu\u00edmedes, num. 86, local 1, 08224, Terrassa +info[\/vc_column_text][\/vc_column][\/vc_row][vc_row][vc_column width=\u00bb1\/6&#8243;][vc_column_text]Finalitat:[\/vc_column_text][\/vc_column][vc_column width=\u00bb5\/6&#8243;][vc_column_text]1) Formulari p\u00e0gina web: gesti\u00f3 de consultes. 2) Gestionar les consultes rebudes per correu electr\u00f2nic per contactar amb l\u2019usuari. +info[\/vc_column_text][\/vc_column][\/vc_row][vc_row][vc_column width=\u00bb1\/6&#8243;][vc_column_text]Legitimaci\u00f3:[\/vc_column_text][\/vc_column][vc_column width=\u00bb5\/6&#8243;][vc_column_text]1) Formulari p\u00e0gina web: consentiment expl\u00edcit de l\u2019interessat. 2) L\u2019usuari","og_url":"https:\/\/obacsalut.com\/es\/pp\/","og_site_name":"Obac Salut - Fisioter\u00e0pia i Osteopatia a Terrassa","article_modified_time":"2020-12-29T16:53:06+00:00","twitter_card":"summary_large_image","twitter_misc":{"Tiempo de lectura":"9 minutos"},"schema":{"@context":"https:\/\/schema.org","@graph":[{"@type":"WebPage","@id":"https:\/\/obacsalut.com\/es\/pp\/","url":"https:\/\/obacsalut.com\/es\/pp\/","name":"Pol\u00edtica de privacidad - Obac Salut - Fisioter\u00e0pia i Osteopatia a Terrassa","isPartOf":{"@id":"https:\/\/obacsalut.com\/#website"},"datePublished":"2020-11-19T11:35:42+00:00","dateModified":"2020-12-29T16:53:06+00:00","breadcrumb":{"@id":"https:\/\/obacsalut.com\/es\/pp\/#breadcrumb"},"inLanguage":"es","potentialAction":[{"@type":"ReadAction","target":["https:\/\/obacsalut.com\/es\/pp\/"]}]},{"@type":"BreadcrumbList","@id":"https:\/\/obacsalut.com\/es\/pp\/#breadcrumb","itemListElement":[{"@type":"ListItem","position":1,"name":"Portada","item":"https:\/\/obacsalut.com\/es\/"},{"@type":"ListItem","position":2,"name":"Pol\u00edtica de privacidad"}]},{"@type":"WebSite","@id":"https:\/\/obacsalut.com\/#website","url":"https:\/\/obacsalut.com\/","name":"Obac Salut - Fisioter\u00e0pia i Osteopatia a Terrassa","description":"Fisioter\u00e0pia i Osteopatia a Terrassa","potentialAction":[{"@type":"SearchAction","target":{"@type":"EntryPoint","urlTemplate":"https:\/\/obacsalut.com\/?s={search_term_string}"},"query-input":"required name=search_term_string"}],"inLanguage":"es"}]}},"uagb_featured_image_src":{"full":false,"thumbnail":false,"medium":false,"medium_large":false,"large":false,"1536x1536":false,"2048x2048":false,"large-thumb":false,"blog-post-thumb":false,"medicenter-gallery-image":false,"medium-thumb":false,"medicenter-gallery-thumb-type-1":false,"medicenter-gallery-thumb-type-2":false,"medicenter-vertical-image":false,"medicenter-small-thumb":false},"uagb_author_info":{"display_name":"admin@www","author_link":"https:\/\/obacsalut.com\/es\/author\/adminwww\/"},"uagb_comment_info":0,"uagb_excerpt":"[vc_row][vc_column][\/vc_column][\/vc_row][vc_row][vc_column width=\u00bb1\/6&#8243;][vc_column_text]Responsable:[\/vc_column_text][\/vc_column][vc_column width=\u00bb5\/6&#8243;][vc_column_text]SILVIA SORIANO FOSAS DNI 45.642.540-Y info&#64;obacsal&#117;&#116;&#46;&#99;&#111;&#109; Telf: 935152487 Dades del dpd: &#105;&#x6e;f&#111;&#x40;o&#x62;&#x61;&#99;&#x73;a&#108;&#x75;t&#46;&#x63;&#111;&#x6d; C\/ Arqu\u00edmedes, num. 86, local 1, 08224, Terrassa +info[\/vc_column_text][\/vc_column][\/vc_row][vc_row][vc_column width=\u00bb1\/6&#8243;][vc_column_text]Finalitat:[\/vc_column_text][\/vc_column][vc_column width=\u00bb5\/6&#8243;][vc_column_text]1) Formulari p\u00e0gina web: gesti\u00f3 de consultes. 2) Gestionar les consultes rebudes per correu electr\u00f2nic per contactar amb l\u2019usuari. +info[\/vc_column_text][\/vc_column][\/vc_row][vc_row][vc_column width=\u00bb1\/6&#8243;][vc_column_text]Legitimaci\u00f3:[\/vc_column_text][\/vc_column][vc_column width=\u00bb5\/6&#8243;][vc_column_text]1) Formulari p\u00e0gina web: consentiment expl\u00edcit de l\u2019interessat. 2) L\u2019usuari","_links":{"self":[{"href":"https:\/\/obacsalut.com\/es\/wp-json\/wp\/v2\/pages\/4682"}],"collection":[{"href":"https:\/\/obacsalut.com\/es\/wp-json\/wp\/v2\/pages"}],"about":[{"href":"https:\/\/obacsalut.com\/es\/wp-json\/wp\/v2\/types\/page"}],"author":[{"embeddable":true,"href":"https:\/\/obacsalut.com\/es\/wp-json\/wp\/v2\/users\/1"}],"replies":[{"embeddable":true,"href":"https:\/\/obacsalut.com\/es\/wp-json\/wp\/v2\/comments?post=4682"}],"version-history":[{"count":6,"href":"https:\/\/obacsalut.com\/es\/wp-json\/wp\/v2\/pages\/4682\/revisions"}],"predecessor-version":[{"id":4877,"href":"https:\/\/obacsalut.com\/es\/wp-json\/wp\/v2\/pages\/4682\/revisions\/4877"}],"wp:attachment":[{"href":"https:\/\/obacsalut.com\/es\/wp-json\/wp\/v2\/media?parent=4682"}],"curies":[{"name":"wp","href":"https:\/\/api.w.org\/{rel}","templated":true}]}}