{"id":4662,"date":"2020-12-06T09:46:49","date_gmt":"2020-12-06T09:46:49","guid":{"rendered":"https:\/\/obacsalut.com\/obac\/noticies\/"},"modified":"2020-12-24T14:52:22","modified_gmt":"2020-12-24T14:52:22","slug":"noticias","status":"publish","type":"page","link":"https:\/\/obacsalut.com\/es\/noticias\/","title":{"rendered":"Noticias"},"content":{"rendered":"<p>[vc_row el_position=\u00bbfirst last\u00bb][vc_column width=\u00bb2\/3&#8243;]<ul class=\"blog clearfix page-margin-top\"><li class=\" post post-5590 type-post status-publish format-standard has-post-thumbnail hentry category-sin-categorizar tag-atm-es tag-diatermia-es tag-dolor-es tag-fisioterapeuta-es tag-fisioterapia-es tag-mandibula-es tag-muneca tag-musculatura-es tag-musculatura-es-2 tag-perdidasdeorina tag-salut-es tag-tenosinovitis tag-tonificacio-es\"><ul class=\"comment-box clearfix\"><li class=\"date clearfix animated-element animation-slideRight\">\n\t\t\t\t\t\t\t\t<div class=\"value\">12 DE ENERO DE 2024<\/div>\n\t\t\t\t\t\t\t\t<div class=\"arrow-date\"><\/div>\n\t\t\t\t\t\t\t<\/li><\/ul><div class=\"post-content\"><a class=\"post-image\" href=\"https:\/\/obacsalut.com\/es\/articulacion-temporo-mandibular-atm\/\" title=\"Dolencias en la Articulaci\u00f3n Temporo-Mandibular (ATM)\"><span class=\"mc-preloader\"><\/span><img loading=\"lazy\" decoding=\"async\" width=\"670\" height=\"446\" src=\"https:\/\/obacsalut.com\/wp-content\/uploads\/2024\/01\/DSC7562-670x446.jpg\" class=\"attachment-blog-post-thumb size-blog-post-thumb wp-post-image\" alt=\"Dolencias en la Articulaci\u00f3n Temporo-Mandibular (ATM)\" title=\"\" srcset=\"https:\/\/obacsalut.com\/wp-content\/uploads\/2024\/01\/DSC7562-670x446.jpg 670w, https:\/\/obacsalut.com\/wp-content\/uploads\/2024\/01\/DSC7562-300x200.jpg 300w, https:\/\/obacsalut.com\/wp-content\/uploads\/2024\/01\/DSC7562-1024x683.jpg 1024w, https:\/\/obacsalut.com\/wp-content\/uploads\/2024\/01\/DSC7562-768x512.jpg 768w, https:\/\/obacsalut.com\/wp-content\/uploads\/2024\/01\/DSC7562-1536x1024.jpg 1536w, https:\/\/obacsalut.com\/wp-content\/uploads\/2024\/01\/DSC7562-2048x1365.jpg 2048w, https:\/\/obacsalut.com\/wp-content\/uploads\/2024\/01\/DSC7562-600x400.jpg 600w, https:\/\/obacsalut.com\/wp-content\/uploads\/2024\/01\/DSC7562-480x320.jpg 480w, https:\/\/obacsalut.com\/wp-content\/uploads\/2024\/01\/DSC7562-390x260.jpg 390w, https:\/\/obacsalut.com\/wp-content\/uploads\/2024\/01\/DSC7562-285x190.jpg 285w\" sizes=\"(max-width: 670px) 100vw, 670px\" \/><\/a><h2 class=\"post-title\"><a href=\"https:\/\/obacsalut.com\/es\/articulacion-temporo-mandibular-atm\/\" title=\"Dolencias en la Articulaci\u00f3n Temporo-Mandibular (ATM)\">Dolencias en la Articulaci\u00f3n Temporo-Mandibular (ATM)<\/a><\/h2><p>La articulaci\u00f3n temporo-mandibular (ATM) es una articulaci\u00f3n que conecta la mand\u00edbula con el cr\u00e1neo. Los problemas en esta \u00e1rea pueden causar una serie de s\u00edntomas y molestias. &nbsp; \u00bfSufres de mal oclusi\u00f3n mandibular o molestias persistentes en la&#8230;<\/p>\n\t\t<div class=\"post-footer clearfix\">\n\t\t\t\t\t\t\t\t<ul class=\"post-footer-details\"><li class=\"post-footer-author\">\n\t\t\t\t\t\t\t\t\t\tObac Salut\n\t\t\t\t\t\t\t\t\t<\/li><li class=\"post-footer-category\">\n\t\t\t\t\t\t\t\t\t\t\t<a href=\"https:\/\/obacsalut.com\/es\/category\/sin-categorizar\/\" title=\"View all posts filed under Sin categorizar\">Sin categorizar<\/a>\n\t\t\t\t\t\t\t\t\t\t<\/li><\/ul><\/div><\/div><\/li><li class=\" post post-5575 type-post status-publish format-standard has-post-thumbnail hentry category-sin-categorizar tag-diatermia-es tag-dolor-es tag-fisioterapeuta-es tag-fisioterapia-es tag-kegel-es tag-muneca tag-musculatura-es tag-perdidasdeorina tag-salut-es tag-suelopelvico tag-tenosinovitis tag-tonificacio-es tag-vegija-es\"><ul class=\"comment-box clearfix\"><li class=\"date clearfix animated-element animation-slideRight\">\n\t\t\t\t\t\t\t\t<div class=\"value\">5 DE ENERO DE 2024<\/div>\n\t\t\t\t\t\t\t\t<div class=\"arrow-date\"><\/div>\n\t\t\t\t\t\t\t<\/li><\/ul><div class=\"post-content\"><a class=\"post-image\" href=\"https:\/\/obacsalut.com\/es\/conoce-tu-suelo-pelvico-guia-completa-de-ejercicios-kegel\/\" title=\"Conoce tu suelo p\u00e9lvico: Gu\u00eda completa de ejercicios Kegel\"><span class=\"mc-preloader\"><\/span><img loading=\"lazy\" decoding=\"async\" width=\"670\" height=\"446\" src=\"https:\/\/obacsalut.com\/wp-content\/uploads\/2024\/01\/foto-rostro-mujer-bragas-mostrando-su-vientre-plano-perfecto-mujer-tiene-piel-suave-ropa-interior-blanca-modelo-posando-aislada-beige-concepto-salud-femenina-e-higiene-intima-670x446.jpg\" class=\"attachment-blog-post-thumb size-blog-post-thumb wp-post-image\" alt=\"Conoce tu suelo p\u00e9lvico: Gu\u00eda completa de ejercicios Kegel\" title=\"\" srcset=\"https:\/\/obacsalut.com\/wp-content\/uploads\/2024\/01\/foto-rostro-mujer-bragas-mostrando-su-vientre-plano-perfecto-mujer-tiene-piel-suave-ropa-interior-blanca-modelo-posando-aislada-beige-concepto-salud-femenina-e-higiene-intima-670x446.jpg 670w, https:\/\/obacsalut.com\/wp-content\/uploads\/2024\/01\/foto-rostro-mujer-bragas-mostrando-su-vientre-plano-perfecto-mujer-tiene-piel-suave-ropa-interior-blanca-modelo-posando-aislada-beige-concepto-salud-femenina-e-higiene-intima-300x200.jpg 300w, https:\/\/obacsalut.com\/wp-content\/uploads\/2024\/01\/foto-rostro-mujer-bragas-mostrando-su-vientre-plano-perfecto-mujer-tiene-piel-suave-ropa-interior-blanca-modelo-posando-aislada-beige-concepto-salud-femenina-e-higiene-intima-1024x683.jpg 1024w, https:\/\/obacsalut.com\/wp-content\/uploads\/2024\/01\/foto-rostro-mujer-bragas-mostrando-su-vientre-plano-perfecto-mujer-tiene-piel-suave-ropa-interior-blanca-modelo-posando-aislada-beige-concepto-salud-femenina-e-higiene-intima-768x512.jpg 768w, https:\/\/obacsalut.com\/wp-content\/uploads\/2024\/01\/foto-rostro-mujer-bragas-mostrando-su-vientre-plano-perfecto-mujer-tiene-piel-suave-ropa-interior-blanca-modelo-posando-aislada-beige-concepto-salud-femenina-e-higiene-intima-1536x1024.jpg 1536w, https:\/\/obacsalut.com\/wp-content\/uploads\/2024\/01\/foto-rostro-mujer-bragas-mostrando-su-vientre-plano-perfecto-mujer-tiene-piel-suave-ropa-interior-blanca-modelo-posando-aislada-beige-concepto-salud-femenina-e-higiene-intima-2048x1365.jpg 2048w, https:\/\/obacsalut.com\/wp-content\/uploads\/2024\/01\/foto-rostro-mujer-bragas-mostrando-su-vientre-plano-perfecto-mujer-tiene-piel-suave-ropa-interior-blanca-modelo-posando-aislada-beige-concepto-salud-femenina-e-higiene-intima-600x400.jpg 600w, https:\/\/obacsalut.com\/wp-content\/uploads\/2024\/01\/foto-rostro-mujer-bragas-mostrando-su-vientre-plano-perfecto-mujer-tiene-piel-suave-ropa-interior-blanca-modelo-posando-aislada-beige-concepto-salud-femenina-e-higiene-intima-480x320.jpg 480w, https:\/\/obacsalut.com\/wp-content\/uploads\/2024\/01\/foto-rostro-mujer-bragas-mostrando-su-vientre-plano-perfecto-mujer-tiene-piel-suave-ropa-interior-blanca-modelo-posando-aislada-beige-concepto-salud-femenina-e-higiene-intima-390x260.jpg 390w, https:\/\/obacsalut.com\/wp-content\/uploads\/2024\/01\/foto-rostro-mujer-bragas-mostrando-su-vientre-plano-perfecto-mujer-tiene-piel-suave-ropa-interior-blanca-modelo-posando-aislada-beige-concepto-salud-femenina-e-higiene-intima-285x190.jpg 285w\" sizes=\"(max-width: 670px) 100vw, 670px\" \/><\/a><h2 class=\"post-title\"><a href=\"https:\/\/obacsalut.com\/es\/conoce-tu-suelo-pelvico-guia-completa-de-ejercicios-kegel\/\" title=\"Conoce tu suelo p\u00e9lvico: Gu\u00eda completa de ejercicios Kegel\">Conoce tu suelo p\u00e9lvico: Gu\u00eda completa de ejercicios Kegel<\/a><\/h2><p>Es crucial entender la esencia de los ejercicios Kegel y evitar uno de los malentendidos m\u00e1s comunes: el &#8216;pipi stop&#8217;. Este t\u00e9rmino se refiere a contraer los m\u00fasculos del suelo p\u00e9lvico, como en un Kegel, mientras se est\u00e1 orinando. Aunque es importante&#8230;<\/p>\n\t\t<div class=\"post-footer clearfix\">\n\t\t\t\t\t\t\t\t<ul class=\"post-footer-details\"><li class=\"post-footer-author\">\n\t\t\t\t\t\t\t\t\t\tObac Salut\n\t\t\t\t\t\t\t\t\t<\/li><li class=\"post-footer-category\">\n\t\t\t\t\t\t\t\t\t\t\t<a href=\"https:\/\/obacsalut.com\/es\/category\/sin-categorizar\/\" title=\"View all posts filed under Sin categorizar\">Sin categorizar<\/a>\n\t\t\t\t\t\t\t\t\t\t<\/li><\/ul><\/div><\/div><\/li><li class=\" post post-5532 type-post status-publish format-standard has-post-thumbnail hentry category-sin-categorizar tag-de-quervain tag-diatermia-es tag-dolor-es tag-fisioterapeuta-es tag-fisioterapia-es tag-muneca tag-musculatura-es tag-perdidasdeorina tag-salut-es tag-suelopelvico tag-tenosinovitis tag-tonificacio-es\"><ul class=\"comment-box clearfix\"><li class=\"date clearfix animated-element animation-slideRight\">\n\t\t\t\t\t\t\t\t<div class=\"value\">29 DE DICIEMBRE DE 2023<\/div>\n\t\t\t\t\t\t\t\t<div class=\"arrow-date\"><\/div>\n\t\t\t\t\t\t\t<\/li><\/ul><div class=\"post-content\"><a class=\"post-image\" href=\"https:\/\/obacsalut.com\/es\/tenosinovitis-de-quervain\/\" title=\"Tenosinovitis De Quervain\"><span class=\"mc-preloader\"><\/span><img loading=\"lazy\" decoding=\"async\" width=\"670\" height=\"446\" src=\"https:\/\/obacsalut.com\/wp-content\/uploads\/2023\/12\/elegantes-manos-anciana-670x446.jpg\" class=\"attachment-blog-post-thumb size-blog-post-thumb wp-post-image\" alt=\"Tenosinovitis De Quervain\" title=\"\" srcset=\"https:\/\/obacsalut.com\/wp-content\/uploads\/2023\/12\/elegantes-manos-anciana-670x446.jpg 670w, https:\/\/obacsalut.com\/wp-content\/uploads\/2023\/12\/elegantes-manos-anciana-300x200.jpg 300w, https:\/\/obacsalut.com\/wp-content\/uploads\/2023\/12\/elegantes-manos-anciana-1024x683.jpg 1024w, https:\/\/obacsalut.com\/wp-content\/uploads\/2023\/12\/elegantes-manos-anciana-768x512.jpg 768w, https:\/\/obacsalut.com\/wp-content\/uploads\/2023\/12\/elegantes-manos-anciana-1536x1024.jpg 1536w, https:\/\/obacsalut.com\/wp-content\/uploads\/2023\/12\/elegantes-manos-anciana-2048x1365.jpg 2048w, https:\/\/obacsalut.com\/wp-content\/uploads\/2023\/12\/elegantes-manos-anciana-600x400.jpg 600w, https:\/\/obacsalut.com\/wp-content\/uploads\/2023\/12\/elegantes-manos-anciana-480x320.jpg 480w, https:\/\/obacsalut.com\/wp-content\/uploads\/2023\/12\/elegantes-manos-anciana-390x260.jpg 390w, https:\/\/obacsalut.com\/wp-content\/uploads\/2023\/12\/elegantes-manos-anciana-285x190.jpg 285w\" sizes=\"(max-width: 670px) 100vw, 670px\" \/><\/a><h2 class=\"post-title\"><a href=\"https:\/\/obacsalut.com\/es\/tenosinovitis-de-quervain\/\" title=\"Tenosinovitis De Quervain\">Tenosinovitis De Quervain<\/a><\/h2><p>La tenosinovitis de De Quervain es una afecci\u00f3n dolorosa que afecta a los tendones de la mu\u00f1eca del lado del pulgar. El dolor se produce al girar la mu\u00f1eca, coger objetos o cerrar el pu\u00f1o (y m\u00e1s si colocas el pulgar dentro del pu\u00f1o) Causas de la Tenosinovitis&#8230;<\/p>\n\t\t<div class=\"post-footer clearfix\">\n\t\t\t\t\t\t\t\t<ul class=\"post-footer-details\"><li class=\"post-footer-author\">\n\t\t\t\t\t\t\t\t\t\tObac Salut\n\t\t\t\t\t\t\t\t\t<\/li><li class=\"post-footer-category\">\n\t\t\t\t\t\t\t\t\t\t\t<a href=\"https:\/\/obacsalut.com\/es\/category\/sin-categorizar\/\" title=\"View all posts filed under Sin categorizar\">Sin categorizar<\/a>\n\t\t\t\t\t\t\t\t\t\t<\/li><\/ul><\/div><\/div><\/li><li class=\" post post-5519 type-post status-publish format-standard has-post-thumbnail hentry category-sin-categorizar tag-abdominal tag-diatermia-es tag-dolor-es tag-fisioterapeuta-es tag-fisioterapia-es tag-musculatura-es tag-orina tag-perdidasdeorina tag-salut-es tag-suelopelvico tag-tonificacio-es\"><ul class=\"comment-box clearfix\"><li class=\"date clearfix animated-element animation-slideRight\">\n\t\t\t\t\t\t\t\t<div class=\"value\">22 DE DICIEMBRE DE 2023<\/div>\n\t\t\t\t\t\t\t\t<div class=\"arrow-date\"><\/div>\n\t\t\t\t\t\t\t<\/li><\/ul><div class=\"post-content\"><a class=\"post-image\" href=\"https:\/\/obacsalut.com\/es\/tarjetas-regalo-para-estas-fiestas\/\" title=\"Tarjetas regalo para estas fiestas\"><span class=\"mc-preloader\"><\/span><img loading=\"lazy\" decoding=\"async\" width=\"670\" height=\"446\" src=\"https:\/\/obacsalut.com\/wp-content\/uploads\/2023\/12\/Invitacion-Horizontal-A6-aniversario-negro-vino-670x446.jpg\" class=\"attachment-blog-post-thumb size-blog-post-thumb wp-post-image\" alt=\"Tarjetas regalo para estas fiestas\" title=\"\" srcset=\"https:\/\/obacsalut.com\/wp-content\/uploads\/2023\/12\/Invitacion-Horizontal-A6-aniversario-negro-vino-670x446.jpg 670w, https:\/\/obacsalut.com\/wp-content\/uploads\/2023\/12\/Invitacion-Horizontal-A6-aniversario-negro-vino-600x400.jpg 600w, https:\/\/obacsalut.com\/wp-content\/uploads\/2023\/12\/Invitacion-Horizontal-A6-aniversario-negro-vino-480x320.jpg 480w, https:\/\/obacsalut.com\/wp-content\/uploads\/2023\/12\/Invitacion-Horizontal-A6-aniversario-negro-vino-390x260.jpg 390w, https:\/\/obacsalut.com\/wp-content\/uploads\/2023\/12\/Invitacion-Horizontal-A6-aniversario-negro-vino-285x190.jpg 285w\" sizes=\"(max-width: 670px) 100vw, 670px\" \/><\/a><h2 class=\"post-title\"><a href=\"https:\/\/obacsalut.com\/es\/tarjetas-regalo-para-estas-fiestas\/\" title=\"Tarjetas regalo para estas fiestas\">Tarjetas regalo para estas fiestas<\/a><\/h2><p>\u00a1Celebra las fiestas regalando bienestar y belleza con nuestras tarjetas regalo! En nuestro centro de est\u00e9tica, ofrecemos la oportunidad perfecta para sorprender a tus seres queridos con nuestras exclusivas tarjetas regalo. \u00bfQu\u00e9 mejor manera de expresar&#8230;<\/p>\n\t\t<div class=\"post-footer clearfix\">\n\t\t\t\t\t\t\t\t<ul class=\"post-footer-details\"><li class=\"post-footer-author\">\n\t\t\t\t\t\t\t\t\t\tObac Salut\n\t\t\t\t\t\t\t\t\t<\/li><li class=\"post-footer-category\">\n\t\t\t\t\t\t\t\t\t\t\t<a href=\"https:\/\/obacsalut.com\/es\/category\/sin-categorizar\/\" title=\"View all posts filed under Sin categorizar\">Sin categorizar<\/a>\n\t\t\t\t\t\t\t\t\t\t<\/li><\/ul><\/div><\/div><\/li><li class=\" post post-5490 type-post status-publish format-standard has-post-thumbnail hentry category-sin-categorizar tag-abdominal tag-diatermia-es tag-dolor-es tag-fisioterapeuta-es tag-fisioterapia-es tag-musculatura-es tag-orina tag-perdidasdeorina tag-salut-es tag-suelopelvico tag-tonificacio-es\"><ul class=\"comment-box clearfix\"><li class=\"date clearfix animated-element animation-slideRight\">\n\t\t\t\t\t\t\t\t<div class=\"value\">15 DE SEPTIEMBRE DE 2023<\/div>\n\t\t\t\t\t\t\t\t<div class=\"arrow-date\"><\/div>\n\t\t\t\t\t\t\t<\/li><\/ul><div class=\"post-content\"><a class=\"post-image\" href=\"https:\/\/obacsalut.com\/es\/neuralgia-del-nervio-pudendo-2\/\" title=\"Tratamientos para la neuralgia del nervio pudendo\"><span class=\"mc-preloader\"><\/span><img loading=\"lazy\" decoding=\"async\" width=\"670\" height=\"446\" src=\"https:\/\/obacsalut.com\/wp-content\/uploads\/2023\/09\/DSC7467-copia-scaled-e1694777399588-670x446.jpg\" class=\"attachment-blog-post-thumb size-blog-post-thumb wp-post-image\" alt=\"Tratamientos para la neuralgia del nervio pudendo\" title=\"\" srcset=\"https:\/\/obacsalut.com\/wp-content\/uploads\/2023\/09\/DSC7467-copia-scaled-e1694777399588-670x446.jpg 670w, https:\/\/obacsalut.com\/wp-content\/uploads\/2023\/09\/DSC7467-copia-scaled-e1694777399588-600x400.jpg 600w, https:\/\/obacsalut.com\/wp-content\/uploads\/2023\/09\/DSC7467-copia-scaled-e1694777399588-480x320.jpg 480w, https:\/\/obacsalut.com\/wp-content\/uploads\/2023\/09\/DSC7467-copia-scaled-e1694777399588-390x260.jpg 390w, https:\/\/obacsalut.com\/wp-content\/uploads\/2023\/09\/DSC7467-copia-scaled-e1694777399588-285x190.jpg 285w\" sizes=\"(max-width: 670px) 100vw, 670px\" \/><\/a><h2 class=\"post-title\"><a href=\"https:\/\/obacsalut.com\/es\/neuralgia-del-nervio-pudendo-2\/\" title=\"Tratamientos para la neuralgia del nervio pudendo\">Tratamientos para la neuralgia del nervio pudendo<\/a><\/h2><p>Valoraci\u00f3n y tratamientos para la neuralgia del nervio pudendo En el diagn\u00f3stico y tratamiento del nervio pudendo, resulta imprescindible que la valoraci\u00f3n y evaluaci\u00f3n sea realizada de manera multidisciplinar desde las diferentes especialidades. El diagn\u00f3stico&#8230;<\/p>\n\t\t<div class=\"post-footer clearfix\">\n\t\t\t\t\t\t\t\t<ul class=\"post-footer-details\"><li class=\"post-footer-author\">\n\t\t\t\t\t\t\t\t\t\tObac Salut\n\t\t\t\t\t\t\t\t\t<\/li><li class=\"post-footer-category\">\n\t\t\t\t\t\t\t\t\t\t\t<a href=\"https:\/\/obacsalut.com\/es\/category\/sin-categorizar\/\" title=\"View all posts filed under Sin categorizar\">Sin categorizar<\/a>\n\t\t\t\t\t\t\t\t\t\t<\/li><\/ul><\/div><\/div><\/li><li class=\" post post-5457 type-post status-publish format-standard has-post-thumbnail hentry category-sin-categorizar tag-abdominal tag-diatermia-es tag-dolor-es tag-fisioterapeuta-es tag-fisioterapia-es tag-musculatura-es tag-orina tag-perdidasdeorina tag-salut-es tag-suelopelvico tag-tonificacio-es\"><ul class=\"comment-box clearfix\"><li class=\"date clearfix animated-element animation-slideRight\">\n\t\t\t\t\t\t\t\t<div class=\"value\">15 DE SEPTIEMBRE DE 2023<\/div>\n\t\t\t\t\t\t\t\t<div class=\"arrow-date\"><\/div>\n\t\t\t\t\t\t\t<\/li><\/ul><div class=\"post-content\"><a class=\"post-image\" href=\"https:\/\/obacsalut.com\/es\/neuralgia-del-nervio-pudendo\/\" title=\"Neuralgia del nervio pudendo\"><span class=\"mc-preloader\"><\/span><img loading=\"lazy\" decoding=\"async\" width=\"670\" height=\"446\" src=\"https:\/\/obacsalut.com\/wp-content\/uploads\/2023\/09\/mujer-joven-que-tiene-dolor-estomago-que-sienta-sofa-primer-hogar-670x446.jpg\" class=\"attachment-blog-post-thumb size-blog-post-thumb wp-post-image\" alt=\"Neuralgia del nervio pudendo\" title=\"\" srcset=\"https:\/\/obacsalut.com\/wp-content\/uploads\/2023\/09\/mujer-joven-que-tiene-dolor-estomago-que-sienta-sofa-primer-hogar-670x446.jpg 670w, https:\/\/obacsalut.com\/wp-content\/uploads\/2023\/09\/mujer-joven-que-tiene-dolor-estomago-que-sienta-sofa-primer-hogar-300x200.jpg 300w, https:\/\/obacsalut.com\/wp-content\/uploads\/2023\/09\/mujer-joven-que-tiene-dolor-estomago-que-sienta-sofa-primer-hogar-1024x683.jpg 1024w, https:\/\/obacsalut.com\/wp-content\/uploads\/2023\/09\/mujer-joven-que-tiene-dolor-estomago-que-sienta-sofa-primer-hogar-768x512.jpg 768w, https:\/\/obacsalut.com\/wp-content\/uploads\/2023\/09\/mujer-joven-que-tiene-dolor-estomago-que-sienta-sofa-primer-hogar-1536x1024.jpg 1536w, https:\/\/obacsalut.com\/wp-content\/uploads\/2023\/09\/mujer-joven-que-tiene-dolor-estomago-que-sienta-sofa-primer-hogar-2048x1365.jpg 2048w, https:\/\/obacsalut.com\/wp-content\/uploads\/2023\/09\/mujer-joven-que-tiene-dolor-estomago-que-sienta-sofa-primer-hogar-600x400.jpg 600w, https:\/\/obacsalut.com\/wp-content\/uploads\/2023\/09\/mujer-joven-que-tiene-dolor-estomago-que-sienta-sofa-primer-hogar-480x320.jpg 480w, https:\/\/obacsalut.com\/wp-content\/uploads\/2023\/09\/mujer-joven-que-tiene-dolor-estomago-que-sienta-sofa-primer-hogar-390x260.jpg 390w, https:\/\/obacsalut.com\/wp-content\/uploads\/2023\/09\/mujer-joven-que-tiene-dolor-estomago-que-sienta-sofa-primer-hogar-285x190.jpg 285w\" sizes=\"(max-width: 670px) 100vw, 670px\" \/><\/a><h2 class=\"post-title\"><a href=\"https:\/\/obacsalut.com\/es\/neuralgia-del-nervio-pudendo\/\" title=\"Neuralgia del nervio pudendo\">Neuralgia del nervio pudendo<\/a><\/h2><p>\u00bfQu\u00e9 es el s\u00edndrome o neuralgia del pudendo? El s\u00edndrome o neuralgia del nervio pudendo es poco conocido y suele confundirse con otros trastornos del suelo p\u00e9lvico. El nervio pudendo brinda inervaci\u00f3n motora a los m\u00fasculos del perin\u00e9 y recoge la informaci\u00f3n&#8230;<\/p>\n\t\t<div class=\"post-footer clearfix\">\n\t\t\t\t\t\t\t\t<ul class=\"post-footer-details\"><li class=\"post-footer-author\">\n\t\t\t\t\t\t\t\t\t\tObac Salut\n\t\t\t\t\t\t\t\t\t<\/li><li class=\"post-footer-category\">\n\t\t\t\t\t\t\t\t\t\t\t<a href=\"https:\/\/obacsalut.com\/es\/category\/sin-categorizar\/\" title=\"View all posts filed under Sin categorizar\">Sin categorizar<\/a>\n\t\t\t\t\t\t\t\t\t\t<\/li><\/ul><\/div><\/div><\/li><li class=\" post post-5437 type-post status-publish format-standard has-post-thumbnail hentry category-sin-categorizar tag-abdominal tag-diatermia-es tag-dolor-es tag-fisioterapeuta-es tag-fisioterapia-es tag-musculatura-es tag-orina tag-perdidasdeorina tag-salut-es tag-suelopelvico tag-tonificacio-es\"><ul class=\"comment-box clearfix\"><li class=\"date clearfix animated-element animation-slideRight\">\n\t\t\t\t\t\t\t\t<div class=\"value\">2 DE JUNIO DE 2023<\/div>\n\t\t\t\t\t\t\t\t<div class=\"arrow-date\"><\/div>\n\t\t\t\t\t\t\t<\/li><\/ul><div class=\"post-content\"><a class=\"post-image\" href=\"https:\/\/obacsalut.com\/es\/tratamiento-anticelulitico\/\" title=\"Tratamiento anticelul\u00edtico\"><span class=\"mc-preloader\"><\/span><img loading=\"lazy\" decoding=\"async\" width=\"670\" height=\"446\" src=\"https:\/\/obacsalut.com\/wp-content\/uploads\/2023\/06\/masaje-anticelulitico-670x446.jpg\" class=\"attachment-blog-post-thumb size-blog-post-thumb wp-post-image\" alt=\"Tratamiento anticelul\u00edtico\" title=\"\" srcset=\"https:\/\/obacsalut.com\/wp-content\/uploads\/2023\/06\/masaje-anticelulitico-670x446.jpg 670w, https:\/\/obacsalut.com\/wp-content\/uploads\/2023\/06\/masaje-anticelulitico-300x200.jpg 300w, https:\/\/obacsalut.com\/wp-content\/uploads\/2023\/06\/masaje-anticelulitico-1536x1025.jpg 1536w, https:\/\/obacsalut.com\/wp-content\/uploads\/2023\/06\/masaje-anticelulitico-2048x1367.jpg 2048w, https:\/\/obacsalut.com\/wp-content\/uploads\/2023\/06\/masaje-anticelulitico-600x400.jpg 600w, https:\/\/obacsalut.com\/wp-content\/uploads\/2023\/06\/masaje-anticelulitico-480x320.jpg 480w, https:\/\/obacsalut.com\/wp-content\/uploads\/2023\/06\/masaje-anticelulitico-390x260.jpg 390w, https:\/\/obacsalut.com\/wp-content\/uploads\/2023\/06\/masaje-anticelulitico-285x190.jpg 285w\" sizes=\"(max-width: 670px) 100vw, 670px\" \/><\/a><h2 class=\"post-title\"><a href=\"https:\/\/obacsalut.com\/es\/tratamiento-anticelulitico\/\" title=\"Tratamiento anticelul\u00edtico\">Tratamiento anticelul\u00edtico<\/a><\/h2><p>Hablemos de la celulitis&#8230; Obtener resultados visibles con cambio est\u00e9tico permanente Si est\u00e1s considerando someterte a un tratamiento anticelul\u00edtico, es importante entender por qu\u00e9 se acumula esa grasa en tu cuerpo. La celulitis puede ser el resultado&#8230;<\/p>\n\t\t<div class=\"post-footer clearfix\">\n\t\t\t\t\t\t\t\t<ul class=\"post-footer-details\"><li class=\"post-footer-author\">\n\t\t\t\t\t\t\t\t\t\tObac Salut\n\t\t\t\t\t\t\t\t\t<\/li><li class=\"post-footer-category\">\n\t\t\t\t\t\t\t\t\t\t\t<a href=\"https:\/\/obacsalut.com\/es\/category\/sin-categorizar\/\" title=\"View all posts filed under Sin categorizar\">Sin categorizar<\/a>\n\t\t\t\t\t\t\t\t\t\t<\/li><\/ul><\/div><\/div><\/li><li class=\" post post-5383 type-post status-publish format-standard has-post-thumbnail hentry category-sin-categorizar tag-abdominal tag-diatermia-es tag-dolor-es tag-fisioterapeuta-es tag-fisioterapia-es tag-musculatura-es tag-orina tag-perdidasdeorina tag-salut-es tag-suelopelvico tag-tonificacio-es\"><ul class=\"comment-box clearfix\"><li class=\"date clearfix animated-element animation-slideRight\">\n\t\t\t\t\t\t\t\t<div class=\"value\">25 DE ENERO DE 2023<\/div>\n\t\t\t\t\t\t\t\t<div class=\"arrow-date\"><\/div>\n\t\t\t\t\t\t\t<\/li><\/ul><div class=\"post-content\"><a class=\"post-image\" href=\"https:\/\/obacsalut.com\/es\/fisioterapia-oncologica\/\" title=\"Fisioterapia oncol\u00f3gica\"><span class=\"mc-preloader\"><\/span><img loading=\"lazy\" decoding=\"async\" width=\"670\" height=\"446\" src=\"https:\/\/obacsalut.com\/wp-content\/uploads\/2023\/01\/Fisioterapia-oncologica-2-670x446.jpg\" class=\"attachment-blog-post-thumb size-blog-post-thumb wp-post-image\" alt=\"Fisioterapia oncol\u00f3gica\" title=\"\" srcset=\"https:\/\/obacsalut.com\/wp-content\/uploads\/2023\/01\/Fisioterapia-oncologica-2-670x446.jpg 670w, https:\/\/obacsalut.com\/wp-content\/uploads\/2023\/01\/Fisioterapia-oncologica-2-300x200.jpg 300w, https:\/\/obacsalut.com\/wp-content\/uploads\/2023\/01\/Fisioterapia-oncologica-2-1024x683.jpg 1024w, https:\/\/obacsalut.com\/wp-content\/uploads\/2023\/01\/Fisioterapia-oncologica-2-768x512.jpg 768w, https:\/\/obacsalut.com\/wp-content\/uploads\/2023\/01\/Fisioterapia-oncologica-2-1536x1024.jpg 1536w, https:\/\/obacsalut.com\/wp-content\/uploads\/2023\/01\/Fisioterapia-oncologica-2-600x400.jpg 600w, https:\/\/obacsalut.com\/wp-content\/uploads\/2023\/01\/Fisioterapia-oncologica-2-480x320.jpg 480w, https:\/\/obacsalut.com\/wp-content\/uploads\/2023\/01\/Fisioterapia-oncologica-2-390x260.jpg 390w, https:\/\/obacsalut.com\/wp-content\/uploads\/2023\/01\/Fisioterapia-oncologica-2-285x190.jpg 285w, https:\/\/obacsalut.com\/wp-content\/uploads\/2023\/01\/Fisioterapia-oncologica-2.jpg 1800w\" sizes=\"(max-width: 670px) 100vw, 670px\" \/><\/a><h2 class=\"post-title\"><a href=\"https:\/\/obacsalut.com\/es\/fisioterapia-oncologica\/\" title=\"Fisioterapia oncol\u00f3gica\">Fisioterapia oncol\u00f3gica<\/a><\/h2><p>\u00bfC\u00f3mo puede ayudar la fisioterapia en un proceso oncol\u00f3gico? En primer lugar, hay que tener claro que el c\u00e1ncer es una patolog\u00eda donde las c\u00e9lulas se dividen sin control, infiltr\u00e1ndose dentro del tejido y seguidamente llevando su destrucci\u00f3n. Toda persona&#8230;<\/p>\n\t\t<div class=\"post-footer clearfix\">\n\t\t\t\t\t\t\t\t<ul class=\"post-footer-details\"><li class=\"post-footer-author\">\n\t\t\t\t\t\t\t\t\t\tObac Salut\n\t\t\t\t\t\t\t\t\t<\/li><li class=\"post-footer-category\">\n\t\t\t\t\t\t\t\t\t\t\t<a href=\"https:\/\/obacsalut.com\/es\/category\/sin-categorizar\/\" title=\"View all posts filed under Sin categorizar\">Sin categorizar<\/a>\n\t\t\t\t\t\t\t\t\t\t<\/li><\/ul><\/div><\/div><\/li><li class=\" post post-5368 type-post status-publish format-standard has-post-thumbnail hentry category-sin-categorizar tag-abdominal tag-diatermia-es tag-dolor-es tag-fisioterapeuta-es tag-fisioterapia-es tag-musculatura-es tag-orina tag-perdidasdeorina tag-salut-es tag-suelopelvico tag-tonificacio-es\"><ul class=\"comment-box clearfix\"><li class=\"date clearfix animated-element animation-slideRight\">\n\t\t\t\t\t\t\t\t<div class=\"value\">13 DE DICIEMBRE DE 2022<\/div>\n\t\t\t\t\t\t\t\t<div class=\"arrow-date\"><\/div>\n\t\t\t\t\t\t\t<\/li><\/ul><div class=\"post-content\"><a class=\"post-image\" href=\"https:\/\/obacsalut.com\/es\/tratamiento-para-la-psoriasis-con-diatermia\/\" title=\"Tratamiento para la psoriasis con diatermia\"><span class=\"mc-preloader\"><\/span><img loading=\"lazy\" decoding=\"async\" width=\"670\" height=\"443\" src=\"https:\/\/obacsalut.com\/wp-content\/uploads\/2022\/12\/psoriasis-farmacia-670x443.jpg\" class=\"attachment-blog-post-thumb size-blog-post-thumb wp-post-image\" alt=\"Tratamiento para la psoriasis con diatermia\" title=\"\" \/><\/a><h2 class=\"post-title\"><a href=\"https:\/\/obacsalut.com\/es\/tratamiento-para-la-psoriasis-con-diatermia\/\" title=\"Tratamiento para la psoriasis con diatermia\">Tratamiento para la psoriasis con diatermia<\/a><\/h2><p>La psoriasis es una patolog\u00eda cr\u00f3nica inflamatoria de la piel. Implica una aceleraci\u00f3n de la reproducci\u00f3n de las c\u00e9lulas epiteliales en el territorio afectado, generando una placa de piel enrojecida, m\u00e1s gruesa y de aspecto escamoso. El picor que produce&#8230;<\/p>\n\t\t<div class=\"post-footer clearfix\">\n\t\t\t\t\t\t\t\t<ul class=\"post-footer-details\"><li class=\"post-footer-author\">\n\t\t\t\t\t\t\t\t\t\tObac Salut\n\t\t\t\t\t\t\t\t\t<\/li><li class=\"post-footer-category\">\n\t\t\t\t\t\t\t\t\t\t\t<a href=\"https:\/\/obacsalut.com\/es\/category\/sin-categorizar\/\" title=\"View all posts filed under Sin categorizar\">Sin categorizar<\/a>\n\t\t\t\t\t\t\t\t\t\t<\/li><\/ul><\/div><\/div><\/li><li class=\" post post-5351 type-post status-publish format-standard has-post-thumbnail hentry category-sin-categorizar tag-abdominal tag-diatermia-es tag-dolor-es tag-fisioterapeuta-es tag-fisioterapia-es tag-musculatura-es tag-orina tag-perdidasdeorina tag-salut-es tag-suelopelvico tag-tonificacio-es\"><ul class=\"comment-box clearfix\"><li class=\"date clearfix animated-element animation-slideRight\">\n\t\t\t\t\t\t\t\t<div class=\"value\">2 DE DICIEMBRE DE 2022<\/div>\n\t\t\t\t\t\t\t\t<div class=\"arrow-date\"><\/div>\n\t\t\t\t\t\t\t<\/li><\/ul><div class=\"post-content\"><a class=\"post-image\" href=\"https:\/\/obacsalut.com\/es\/mitos-vs-verdades-del-suelo-pelvico\/\" title=\"Mitos vs verdades del suelo p\u00e9lvico\"><span class=\"mc-preloader\"><\/span><img loading=\"lazy\" decoding=\"async\" width=\"670\" height=\"446\" src=\"https:\/\/obacsalut.com\/wp-content\/uploads\/2022\/12\/imagen1-670x446.png\" class=\"attachment-blog-post-thumb size-blog-post-thumb wp-post-image\" alt=\"Mitos vs verdades del suelo p\u00e9lvico\" title=\"\" srcset=\"https:\/\/obacsalut.com\/wp-content\/uploads\/2022\/12\/imagen1-670x446.png 670w, https:\/\/obacsalut.com\/wp-content\/uploads\/2022\/12\/imagen1-600x400.png 600w, https:\/\/obacsalut.com\/wp-content\/uploads\/2022\/12\/imagen1-480x320.png 480w, https:\/\/obacsalut.com\/wp-content\/uploads\/2022\/12\/imagen1-390x260.png 390w, https:\/\/obacsalut.com\/wp-content\/uploads\/2022\/12\/imagen1-285x190.png 285w\" sizes=\"(max-width: 670px) 100vw, 670px\" \/><\/a><h2 class=\"post-title\"><a href=\"https:\/\/obacsalut.com\/es\/mitos-vs-verdades-del-suelo-pelvico\/\" title=\"Mitos vs verdades del suelo p\u00e9lvico\">Mitos vs verdades del suelo p\u00e9lvico<\/a><\/h2><p>Cada vez son m\u00e1s los pacientes que nos preguntan por alguno de estos temas relacionados con el suelo p\u00e9lvico, \u00a1hay demasiada desinformaci\u00f3n sobre ello! Es por eso que hoy vamos a hablar de algunos de los mitos y verdades m\u00e1s comunes sobre el suelo p\u00e9lvico&#8230;.<\/p>\n\t\t<div class=\"post-footer clearfix\">\n\t\t\t\t\t\t\t\t<ul class=\"post-footer-details\"><li class=\"post-footer-author\">\n\t\t\t\t\t\t\t\t\t\tObac Salut\n\t\t\t\t\t\t\t\t\t<\/li><li class=\"post-footer-category\">\n\t\t\t\t\t\t\t\t\t\t\t<a href=\"https:\/\/obacsalut.com\/es\/category\/sin-categorizar\/\" title=\"View all posts filed under Sin categorizar\">Sin categorizar<\/a>\n\t\t\t\t\t\t\t\t\t\t<\/li><\/ul><\/div><\/div><\/li><\/ul><ul class='pagination page-margin-top'><li class='selected'><span>1<\/span><\/li><li><a href='https:\/\/obacsalut.com\/es\/wp-json\/wp\/v2\/pages\/4662\/page\/2\/'>2<\/a><\/li><li><a href='https:\/\/obacsalut.com\/es\/wp-json\/wp\/v2\/pages\/4662\/page\/3\/'>3<\/a><\/li><\/ul>[\/vc_column][vc_column width=\u00bb1\/3&#8243;][vc_widget_sidebar top_margin=\u00bbpage-margin-top\u00bb sidebar_id=\u00bbsidebar-blog\u00bb el_position=\u00bbfirst\u00bb][\/vc_column][\/vc_row]<\/p>\n","protected":false},"excerpt":{"rendered":"<p>[vc_row el_position=\u00bbfirst last\u00bb][vc_column width=\u00bb2\/3&#8243;][\/vc_column][vc_column width=\u00bb1\/3&#8243;][vc_widget_sidebar top_margin=\u00bbpage-margin-top\u00bb sidebar_id=\u00bbsidebar-blog\u00bb el_position=\u00bbfirst\u00bb][\/vc_column][\/vc_row]<\/p>\n","protected":false},"author":1,"featured_media":0,"parent":0,"menu_order":5,"comment_status":"open","ping_status":"open","template":"","meta":{"_uag_custom_page_level_css":"","_uf_show_specific_survey":0,"_uf_disable_surveys":false,"footnotes":""},"yoast_head":"<!-- This site is optimized with the Yoast SEO plugin v22.2 - https:\/\/yoast.com\/wordpress\/plugins\/seo\/ -->\n<title>Noticias - Obac Salut - Fisioter\u00e0pia i Osteopatia a Terrassa<\/title>\n<meta name=\"robots\" content=\"index, follow, max-snippet:-1, max-image-preview:large, max-video-preview:-1\" \/>\n<link rel=\"canonical\" href=\"https:\/\/obacsalut.com\/es\/noticias\/\" \/>\n<meta property=\"og:locale\" content=\"es_ES\" \/>\n<meta property=\"og:type\" content=\"article\" \/>\n<meta property=\"og:title\" content=\"Noticias - Obac Salut - Fisioter\u00e0pia i Osteopatia a Terrassa\" \/>\n<meta property=\"og:description\" content=\"[vc_row el_position=\u00bbfirst last\u00bb][vc_column width=\u00bb2\/3&#8243;][\/vc_column][vc_column width=\u00bb1\/3&#8243;][vc_widget_sidebar top_margin=\u00bbpage-margin-top\u00bb sidebar_id=\u00bbsidebar-blog\u00bb el_position=\u00bbfirst\u00bb][\/vc_column][\/vc_row]\" \/>\n<meta property=\"og:url\" content=\"https:\/\/obacsalut.com\/es\/noticias\/\" \/>\n<meta property=\"og:site_name\" content=\"Obac Salut - Fisioter\u00e0pia i Osteopatia a Terrassa\" \/>\n<meta property=\"article:modified_time\" content=\"2020-12-24T14:52:22+00:00\" \/>\n<meta name=\"twitter:card\" content=\"summary_large_image\" \/>\n<meta name=\"twitter:label1\" content=\"Tiempo de lectura\" \/>\n\t<meta name=\"twitter:data1\" content=\"1 minuto\" \/>\n<script type=\"application\/ld+json\" class=\"yoast-schema-graph\">{\"@context\":\"https:\/\/schema.org\",\"@graph\":[{\"@type\":\"WebPage\",\"@id\":\"https:\/\/obacsalut.com\/es\/noticias\/\",\"url\":\"https:\/\/obacsalut.com\/es\/noticias\/\",\"name\":\"Noticias - Obac Salut - Fisioter\u00e0pia i Osteopatia a Terrassa\",\"isPartOf\":{\"@id\":\"https:\/\/obacsalut.com\/#website\"},\"datePublished\":\"2020-12-06T09:46:49+00:00\",\"dateModified\":\"2020-12-24T14:52:22+00:00\",\"breadcrumb\":{\"@id\":\"https:\/\/obacsalut.com\/es\/noticias\/#breadcrumb\"},\"inLanguage\":\"es\",\"potentialAction\":[{\"@type\":\"ReadAction\",\"target\":[\"https:\/\/obacsalut.com\/es\/noticias\/\"]}]},{\"@type\":\"BreadcrumbList\",\"@id\":\"https:\/\/obacsalut.com\/es\/noticias\/#breadcrumb\",\"itemListElement\":[{\"@type\":\"ListItem\",\"position\":1,\"name\":\"Portada\",\"item\":\"https:\/\/obacsalut.com\/es\/\"},{\"@type\":\"ListItem\",\"position\":2,\"name\":\"Noticias\"}]},{\"@type\":\"WebSite\",\"@id\":\"https:\/\/obacsalut.com\/#website\",\"url\":\"https:\/\/obacsalut.com\/\",\"name\":\"Obac Salut - Fisioter\u00e0pia i Osteopatia a Terrassa\",\"description\":\"Fisioter\u00e0pia i Osteopatia a Terrassa\",\"potentialAction\":[{\"@type\":\"SearchAction\",\"target\":{\"@type\":\"EntryPoint\",\"urlTemplate\":\"https:\/\/obacsalut.com\/?s={search_term_string}\"},\"query-input\":\"required name=search_term_string\"}],\"inLanguage\":\"es\"}]}<\/script>\n<!-- \/ Yoast SEO plugin. -->","yoast_head_json":{"title":"Noticias - Obac Salut - Fisioter\u00e0pia i Osteopatia a Terrassa","robots":{"index":"index","follow":"follow","max-snippet":"max-snippet:-1","max-image-preview":"max-image-preview:large","max-video-preview":"max-video-preview:-1"},"canonical":"https:\/\/obacsalut.com\/es\/noticias\/","og_locale":"es_ES","og_type":"article","og_title":"Noticias - Obac Salut - Fisioter\u00e0pia i Osteopatia a Terrassa","og_description":"[vc_row el_position=\u00bbfirst last\u00bb][vc_column width=\u00bb2\/3&#8243;][\/vc_column][vc_column width=\u00bb1\/3&#8243;][vc_widget_sidebar top_margin=\u00bbpage-margin-top\u00bb sidebar_id=\u00bbsidebar-blog\u00bb el_position=\u00bbfirst\u00bb][\/vc_column][\/vc_row]","og_url":"https:\/\/obacsalut.com\/es\/noticias\/","og_site_name":"Obac Salut - Fisioter\u00e0pia i Osteopatia a Terrassa","article_modified_time":"2020-12-24T14:52:22+00:00","twitter_card":"summary_large_image","twitter_misc":{"Tiempo de lectura":"1 minuto"},"schema":{"@context":"https:\/\/schema.org","@graph":[{"@type":"WebPage","@id":"https:\/\/obacsalut.com\/es\/noticias\/","url":"https:\/\/obacsalut.com\/es\/noticias\/","name":"Noticias - Obac Salut - Fisioter\u00e0pia i Osteopatia a Terrassa","isPartOf":{"@id":"https:\/\/obacsalut.com\/#website"},"datePublished":"2020-12-06T09:46:49+00:00","dateModified":"2020-12-24T14:52:22+00:00","breadcrumb":{"@id":"https:\/\/obacsalut.com\/es\/noticias\/#breadcrumb"},"inLanguage":"es","potentialAction":[{"@type":"ReadAction","target":["https:\/\/obacsalut.com\/es\/noticias\/"]}]},{"@type":"BreadcrumbList","@id":"https:\/\/obacsalut.com\/es\/noticias\/#breadcrumb","itemListElement":[{"@type":"ListItem","position":1,"name":"Portada","item":"https:\/\/obacsalut.com\/es\/"},{"@type":"ListItem","position":2,"name":"Noticias"}]},{"@type":"WebSite","@id":"https:\/\/obacsalut.com\/#website","url":"https:\/\/obacsalut.com\/","name":"Obac Salut - Fisioter\u00e0pia i Osteopatia a Terrassa","description":"Fisioter\u00e0pia i Osteopatia a Terrassa","potentialAction":[{"@type":"SearchAction","target":{"@type":"EntryPoint","urlTemplate":"https:\/\/obacsalut.com\/?s={search_term_string}"},"query-input":"required name=search_term_string"}],"inLanguage":"es"}]}},"uagb_featured_image_src":{"full":false,"thumbnail":false,"medium":false,"medium_large":false,"large":false,"1536x1536":false,"2048x2048":false,"large-thumb":false,"blog-post-thumb":false,"medicenter-gallery-image":false,"medium-thumb":false,"medicenter-gallery-thumb-type-1":false,"medicenter-gallery-thumb-type-2":false,"medicenter-vertical-image":false,"medicenter-small-thumb":false},"uagb_author_info":{"display_name":"admin@www","author_link":"https:\/\/obacsalut.com\/es\/author\/adminwww\/"},"uagb_comment_info":0,"uagb_excerpt":"[vc_row el_position=\u00bbfirst last\u00bb][vc_column width=\u00bb2\/3&#8243;][\/vc_column][vc_column width=\u00bb1\/3&#8243;][vc_widget_sidebar top_margin=\u00bbpage-margin-top\u00bb sidebar_id=\u00bbsidebar-blog\u00bb el_position=\u00bbfirst\u00bb][\/vc_column][\/vc_row]","_links":{"self":[{"href":"https:\/\/obacsalut.com\/es\/wp-json\/wp\/v2\/pages\/4662"}],"collection":[{"href":"https:\/\/obacsalut.com\/es\/wp-json\/wp\/v2\/pages"}],"about":[{"href":"https:\/\/obacsalut.com\/es\/wp-json\/wp\/v2\/types\/page"}],"author":[{"embeddable":true,"href":"https:\/\/obacsalut.com\/es\/wp-json\/wp\/v2\/users\/1"}],"replies":[{"embeddable":true,"href":"https:\/\/obacsalut.com\/es\/wp-json\/wp\/v2\/comments?post=4662"}],"version-history":[{"count":2,"href":"https:\/\/obacsalut.com\/es\/wp-json\/wp\/v2\/pages\/4662\/revisions"}],"predecessor-version":[{"id":4665,"href":"https:\/\/obacsalut.com\/es\/wp-json\/wp\/v2\/pages\/4662\/revisions\/4665"}],"wp:attachment":[{"href":"https:\/\/obacsalut.com\/es\/wp-json\/wp\/v2\/media?parent=4662"}],"curies":[{"name":"wp","href":"https:\/\/api.w.org\/{rel}","templated":true}]}}